{"id":3021,"date":"2018-11-25T18:12:31","date_gmt":"2018-11-25T18:12:31","guid":{"rendered":"http:\/\/www.divosvet.cz\/?page_id=3021"},"modified":"2026-01-30T18:14:35","modified_gmt":"2026-01-30T18:14:35","slug":"zenske_kruhy","status":"publish","type":"page","link":"https:\/\/vedomebyti.cz\/es\/zenske_kruhy\/","title":{"rendered":"C\u00cdRCULOS DE MUJERES"},"content":{"rendered":"<div id=\"pl-3021\"  class=\"panel-layout\" ><div id=\"pg-3021-0\"  class=\"panel-grid panel-no-style\" ><div id=\"pgc-3021-0-0\"  class=\"panel-grid-cell\" ><div id=\"panel-3021-0-0-0\" class=\"so-panel widget widget_sow-image panel-first-child\" data-index=\"0\" ><div\n\t\t\t\n\t\t\tclass=\"so-widget-sow-image so-widget-sow-image-default-c67d20f9f743-3021\"\n\t\t\t\n\t\t>\n<div class=\"sow-image-container\">\n\t\t<img \n\tsrc=\"https:\/\/vedomebyti.cz\/images\/oddelovace\/od-st2.svg\" title=\"C\u00cdRCULOS DE MUJERES\" alt=\"\" \t\tclass=\"so-widget-image\"\/>\n\t<\/div>\n\n<\/div><\/div><div id=\"panel-3021-0-0-1\" class=\"so-panel widget widget_sow-editor panel-last-child\" data-index=\"1\" ><div class=\"panel-widget-style panel-widget-style-for-3021-0-0-1\" ><div\n\t\t\t\n\t\t\tclass=\"so-widget-sow-editor so-widget-sow-editor-base\"\n\t\t\t\n\t\t>\n<div class=\"siteorigin-widget-tinymce textwidget\">\n\t<div class=\"MY-title MY-title-page MY-t-center\">C\u00edrculos de mujeres<\/div>\n<div class=\"MY-t-justify\">\n<p>C\u00edt\u00edm hlubok\u00fd vd\u011bk za to, \u017ee jsem \u017eena. Bav\u00ed m\u011b propojovat svou \u017eivotod\u00e1rnou \u017eenskou energii se svou mu\u017eskou tvo\u0159ivou silou a dot\u00fdkat se moudrosti, kter\u00e1 je v na\u0161\u00ed z\u00e1padn\u00ed spole\u010dnosti st\u00e1le je\u0161t\u011b zpochyb\u0148ov\u00e1na. Bav\u00ed m\u011b sd\u00edlet sv\u00e9 zku\u0161enosti s dal\u0161\u00edmi \u017eenami (i mu\u017ei), spole\u010dn\u011b r\u016fst, podporovat se a v\u011bdom\u011b udr\u017eovat \u017eivot na t\u00e9to planet\u011b.<\/p>\n<p>P\u0159ijmi m\u00e9 pozv\u00e1n\u00ed a p\u0159isp\u011bj svou p\u0159\u00edtomnost\u00ed k pochopen\u00ed, \u017ee se radost, l\u00e1ska, vnit\u0159n\u00ed s\u00edla a koherence mohou st\u00e1t trvalou sou\u010d\u00e1st\u00ed na\u0161eho Byt\u00ed. Pro\u017eij naplno kr\u00e1su a dokonalost sebe sama v cyklick\u00e9m procesu sv\u00e9ho nekone\u010dn\u00e9ho r\u016fstu. Poj\u010f v bezpe\u010dn\u00e9m a otev\u0159en\u00e9m kruhu \u017een meditovat, tan\u010dit, tvo\u0159it, sm\u00e1t se, plakat, oslavovat \u010di prost\u011b \"jenom\" b\u00fdt.<\/p>\n<p>Praktick\u00e9 n\u00e1stroje, kter\u00e9 si osvoj\u00ed\u0161 a p\u0159\u00edb\u011bhy, kter\u00fdch se dotkne\u0161, ti umo\u017en\u00ed pro\u017e\u00edvat zdrav\u00fd a napl\u0148uj\u00edc\u00ed vztah k sob\u011b sam\u00e9 i ke sv\u00e9mu okol\u00ed. Dop\u0159ej si tento nev\u0161edn\u00ed prostor a vyu\u017eij jeho dary ve sv\u00e9m ka\u017edodenn\u00edm \u017eivot\u011b.<\/p>\n<\/div>\n<\/div>\n<\/div><\/div><\/div><\/div><\/div><div id=\"pg-3021-1\"  class=\"panel-grid panel-no-style\" ><div id=\"pgc-3021-1-0\"  class=\"panel-grid-cell\" ><div id=\"panel-3021-1-0-0\" class=\"so-panel widget widget_sow-image panel-first-child panel-last-child\" data-index=\"2\" ><div\n\t\t\t\n\t\t\tclass=\"so-widget-sow-image so-widget-sow-image-default-c67d20f9f743-3021\"\n\t\t\t\n\t\t>\n<div class=\"sow-image-container\">\n\t\t<img \n\tsrc=\"https:\/\/vedomebyti.cz\/images\/oddelovace\/od-st2.svg\" title=\"C\u00cdRCULOS DE MUJERES\" alt=\"\" \t\tclass=\"so-widget-image\"\/>\n\t<\/div>\n\n<\/div><\/div><\/div><\/div><div id=\"pg-3021-2\"  class=\"panel-grid panel-has-style\" ><div class=\"siteorigin-panels-stretch panel-row-style panel-row-style-for-3021-2\" data-stretch-type=\"full\" ><div id=\"pgc-3021-2-0\"  class=\"panel-grid-cell\" ><div id=\"panel-3021-2-0-0\" class=\"so-panel widget widget_sow-editor panel-first-child panel-last-child\" data-index=\"3\" ><div\n\t\t\t\n\t\t\tclass=\"so-widget-sow-editor so-widget-sow-editor-base\"\n\t\t\t\n\t\t>\n<div class=\"siteorigin-widget-tinymce textwidget\">\n\t<div class=\"MY-title-box MY-t-center\" style=\"margin-bottom: 1em;\">Actos previstos y en curso<\/div>\n\n<p class=\"MY-t-center\">Acepte una invitaci\u00f3n a uno de los actos previstos\ny \u00fanase a nosotros para aprovechar el poder del C\u00edrculo de Mujeres.<\/p>\n\n<!-- ****** DEN \u017dEN, MASKY A ZRCADLA, PRAV\u00cdKOV ****** -->\n<div class=\"MY-flexcontainer MY-flexcontainer-wrap\" style=\"margin-bottom: 2em;\">\n<div class=\"MY-flexitem-wrapable MY-flexitem-w30p\" style=\"height: 14em;\">\n<a class=\"MY-link-noshadow\" href=\"https:\/\/vedomebyti.cz\/es\/_akce_den-zen-masky-a-zrcadla\/\">\n<img loading=\"lazy\" decoding=\"async\" class=\"MY-link-image-noshadow\" style=\"object-fit: cover; height: 100%; width: 100%;\" src=\"https:\/\/vedomebyti.cz\/wp-content\/uploads\/2023\/09\/IMG_20250503_204707-scaled.jpg\" width=\"800\" height=\"716\" \/>\n<\/a>\n<\/div>\n\n<div class=\"MY-flexitem-wrapable MY-flexitem-w70p\" style=\"background-color: white; padding: 1.5em 2em 0em 2em;\">\n<a class=\"MY-link-noshadow\" href=\"https:\/\/vedomebyti.cz\/es\/_akce_den-zen-masky-a-zrcadla\/\">\n<div class=\"MY-title MY-title-paragraph\" style=\"margin-bottom: 1em;\"><strong>Den \u017den, Masky a Zrcadla<\/strong><\/div>\n<div class=\"MY-t-justify\">Jak oslavit Den \u017den v\u011bdom\u011bji ne\u017e pr\u00e1v\u011b v \u017eensk\u00e9m kruhu. Spolu s probouzej\u00edc\u00edm se jarem uzr\u00e1l \u010das tak\u00e9 k na\u0161emu pln\u00e9mu probuzen\u00ed. Navz\u00e1jem si nastav\u00edme zrcadla a sejmeme masky, kter\u00e9 n\u00e1m br\u00e1n\u00ed b\u00fdt pln\u011b samy sebou. Pokud na to nechce\u0161 b\u00fdt sama, n\u00e1\u0161 kruh je otev\u0159en. <em> <span style=\"font-size: 0.9em;\"> (od 6. do 8. 3. 2026,<\/span> <a style=\"font-size: 0.9em;\" href=\"https:\/\/parkpravikov.cz\/\" target=\"_blank\" rel=\"noopener\">Park Prav\u00edkov)<\/a> <\/em><\/div>\n&nbsp;\n<\/a>\n<\/div>\n<\/div>\n\n<!-- ****** SMOOTH\u00cd\u010cKO PROPOJEN\u00cd****** -->\n<div class=\"MY-flexcontainer MY-flexcontainer-wrap\" style=\"margin-bottom: 2em;\">\n<div class=\"MY-flexitem-wrapable MY-flexitem-w30p\" style=\"height: 14em;\"><a class=\"MY-link-noshadow\" href=\"https:\/\/vedomebyti.cz\/es\/_akce_smoothicko-propojeni\/\">\n<img loading=\"lazy\" decoding=\"async\" class=\"MY-link-image-noshadow\" style=\"object-fit: cover; height: 100%; width: 100%;\" src=\"https:\/\/vedomebyti.cz\/wp-content\/uploads\/2023\/09\/IMG_0600.jpg\" width=\"800\" height=\"716\" \/>\n<\/a><\/div>\n<div class=\"MY-flexitem-wrapable MY-flexitem-w70p\" style=\"background-color: white; padding: 1.5em 2em 0em 2em;\">\n<a class=\"MY-link-noshadow\" href=\"https:\/\/vedomebyti.cz\/es\/_akce_smoothicko-propojeni\/\">\n<div class=\"MY-title MY-title-paragraph\" style=\"margin-bottom: 1em;\"><strong>Smooth\u00ed\u010dko Propojen\u00ed<\/strong><\/div>\n<div class=\"MY-t-justify\">aneb pro\u017eitkov\u00fd kurz tance, meditac\u00ed a sd\u00edlen\u00ed v t\u00e9matech, kter\u00e9 jsou p\u0159irozenou sou\u010d\u00e1st\u00ed na\u0161\u00ed cesty. Pokud jim d\u00e1me v\u011bdomou pozornost, mohou pov\u00fd\u0161it na\u0161e byt\u00ed na do dal\u0161\u00ed \u00farovn\u011b. Kdy\u017e pak sv\u00e9 vhledy propoj\u00edme, vstupujeme na mystickou \u00farove\u0148 tv\u016frkyn\u011b sv\u00e9ho vlastn\u00edho \u017eivota. <em> <span style=\"font-size: 0.9em;\"> (od 7. 10. 2025,<\/span> <a style=\"font-size: 0.9em;\" href=\"https:\/\/zaya.cz\/\" target=\"_blank\" rel=\"noopener\">Escuela Comunitaria Zaya)<\/a> <\/em><\/div>\n&nbsp;\n\n&nbsp;\n\n<\/a><\/div>\n<\/div><\/div>\n<\/div><\/div><\/div><\/div><\/div><div id=\"pg-3021-3\"  class=\"panel-grid panel-no-style\" ><div id=\"pgc-3021-3-0\"  class=\"panel-grid-cell\" ><div id=\"panel-3021-3-0-0\" class=\"so-panel widget widget_sow-image panel-first-child panel-last-child\" data-index=\"4\" ><div\n\t\t\t\n\t\t\tclass=\"so-widget-sow-image so-widget-sow-image-default-c67d20f9f743-3021\"\n\t\t\t\n\t\t>\n<div class=\"sow-image-container\">\n\t\t<img \n\tsrc=\"https:\/\/vedomebyti.cz\/images\/oddelovace\/od-st2.svg\" title=\"C\u00cdRCULOS DE MUJERES\" alt=\"\" \t\tclass=\"so-widget-image\"\/>\n\t<\/div>\n\n<\/div><\/div><\/div><\/div><div id=\"pg-3021-4\"  class=\"panel-grid panel-no-style\" ><div id=\"pgc-3021-4-0\"  class=\"panel-grid-cell\" ><div id=\"panel-3021-4-0-0\" class=\"so-panel widget widget_sow-editor panel-first-child panel-last-child\" data-index=\"5\" ><div\n\t\t\t\n\t\t\tclass=\"so-widget-sow-editor so-widget-sow-editor-base\"\n\t\t\t\n\t\t>\n<div class=\"siteorigin-widget-tinymce textwidget\">\n\t&nbsp;\n<p class=\"MY-t-justify-center\"><!-- ****** PROBEHLE AKCE ****** --><\/p>\n\n<div class=\"MY-title-box MY-t-center\" style=\"margin-bottom: 1em;\">Acontecimientos pasados<\/div>\n<p class=\"MY-t-center\">Gracias por la confianza y la singularidad que han infundido en algunas de las\nmemorables c\u00edrculos de mujeres del pasado.<\/p>\n\n<!-- ****** PROJAS\u0147UJ\u00cdC\u00cd P\u011aTIDENN\u00cd \u017dENSK\u00dd KRUH SALAJNA ****** -->\n<div class=\"MY-flexcontainer MY-flexcontainer-wrap\" style=\"margin-bottom: 2em;\">\n<div class=\"MY-flexitem-wrapable MY-flexitem-w30p\" style=\"height: 14em;\">\n<a class=\"MY-link-noshadow\" href=\"https:\/\/vedomebyti.cz\/es\/_akce_projasnujici_petidenni_zensky_kruh\/\">\n<img loading=\"lazy\" decoding=\"async\" class=\"MY-link-image-noshadow\" style=\"object-fit: cover; height: 100%; width: 100%; filter: grayscale(100%);\" src=\"https:\/\/vedomebyti.cz\/wp-content\/uploads\/2023\/09\/WhatsApp-Image-2023-09-19_7.jpg\" width=\"800\" height=\"716\" \/>\n<\/a>\n<\/div>\n\n<div class=\"MY-flexitem-wrapable MY-flexitem-w70p\" style=\"background-color: white; padding: 1.5em 2em 0em 2em;\">\n<a class=\"MY-link-noshadow\" href=\"https:\/\/vedomebyti.cz\/es\/_akce_projasnujici_petidenni_zensky_kruh\/\">\n<div class=\"MY-title MY-title-paragraph\" style=\"margin-bottom: 1em;\"><strong>Projas\u0148uj\u00edc\u00ed p\u011btidenn\u00ed \u017eensk\u00fd kruh<\/strong><\/div>\n<div class=\"MY-t-justify\">Harmonizuj\u00edc\u00ed zastaven\u00ed s doprov\u00e1zen\u00fdm programem na p\u0159ekr\u00e1sn\u00e9m statku Salajna. Prohlubuj\u00edc\u00ed se tma tohoto obdob\u00ed d\u00e1v\u00e1 vyniknout z\u00e1\u0159i na\u0161eho vlastn\u00edho vnit\u0159n\u00edho sv\u011btla. Dovol\u00ed\u0161 si zastavit se a pos\u00edlit jej praktick\u00fdmi technikami a propojen\u00edm v kruhu probouzej\u00edc\u00edch se \u017een? <em> <span style=\"font-size: 0.9em;\"> (od 13. 11. 2025,<\/span> <a style=\"font-size: 0.9em;\" href=\"https:\/\/salajna.cz\/\" target=\"_blank\" rel=\"noopener\">Barco Salajna)<\/a> <\/em><\/div>\n&nbsp;\n<\/a>\n<\/div>\n\n<!-- ****** HISTRIA MAGICA ****** -->\n<div class=\"MY-flexcontainer MY-flexcontainer-wrap\" style=\"margin-bottom: 2em;\">\n<div class=\"MY-flexitem-wrapable MY-flexitem-w30p\" style=\"height: 14em;\"><a class=\"MY-link-noshadow\">\n<img loading=\"lazy\" decoding=\"async\" class=\"MY-link-image-noshadow\" style=\"object-fit: cover; height: 100%; width: 100%; filter: grayscale(100%);\" src=\"https:\/\/vedomebyti.cz\/wp-content\/uploads\/2025\/09\/515071336_1313236530803350_2982963099872262190_n.jpg\" width=\"800\" height=\"716\" \/>\n<\/a><\/div>\n<div class=\"MY-flexitem-wrapable MY-flexitem-w70p\" style=\"background-color: white; padding: 1.5em 2em 0em 2em;\">\n<div class=\"MY-title MY-title-paragraph\" style=\"margin-bottom: 1em;\"><strong>Bohyn\u011b Istrie<\/strong><\/div>\n<div class=\"MY-t-justify\">Historicky prvn\u00ed v\u00fdjezd \u017eensk\u00e9ho kruhu V\u011bdom\u00e9ho Byt\u00ed za hranice na\u0161\u00ed domoviny. Slunovratov\u011b l\u00e9\u010div\u00fd t\u00fdden utkan\u00fd naho\u0159e u\u017e d\u00e1vno p\u0159ed n\u00e1mi, doprov\u00e1zen\u00fd energi\u00ed \u017eivl\u016f a \"n\u00e1hodami\", kter\u00e9 jsou slovy nepopsateln\u00e9. \n<em> <span style=\"font-size: 0.9em;\"> (20. 6. - 28. 6. 2025, Histria Magica) <\/span> <a style=\"font-size: 0.9em;\" <\/a> <\/a><\/em><\/div>\n&nbsp;\n\n<\/div>\n<\/div>\n\n<!-- ****** M\u00c1 VNIT\u0158N\u00cd \u017dENA ****** -->\n<div class=\"MY-flexcontainer MY-flexcontainer-wrap\" style=\"margin-bottom: 2em;\">\n\n<div class=\"MY-flexitem-wrapable MY-flexitem-w30p\" style=\"height: 14em;\">\n<a class=\"MY-link-noshadow\" href=\"https:\/\/vedomebyti.cz\/es\/_akce_sebepoznavaci-vikend-ma_vnitrni_zena\/\">\n<img loading=\"lazy\" decoding=\"async\" class=\"MY-link-image-noshadow\" style=\"object-fit: cover; height: 100%; width: 100%; filter: grayscale(100%);\" src=\"https:\/\/vedomebyti.cz\/wp-content\/uploads\/2023\/09\/WhatsApp-Image-2025-01-13-at-13.16.40_b4da2ebe.jpg\" width=\"800\" height=\"716\" \/>\n<\/a>\n<\/div>\n\n<div class=\"MY-flexitem-wrapable MY-flexitem-w70p\" style=\"background-color: white; padding: 1.5em 2em 0em 2em;\">\n<a class=\"MY-link-noshadow\" href=\"https:\/\/vedomebyti.cz\/es\/_akce_sebepoznavaci-vikend-ma_vnitrni_zena\/\">\n<div class=\"MY-title MY-title-paragraph\" style=\"margin-bottom: 1em;\"><strong>Fin de semana de autodescubrimiento Mi mujer interior<\/strong><\/div>\n<div class=\"MY-t-justify\">El D\u00eda de la Mujer es una oportunidad \u00fanica para celebrarse a s\u00ed misma. Y mucho m\u00e1s pasarla en un c\u00edrculo de mujeres con ideas afines y, con su apoyo, vislumbrar lo m\u00e1s profundo de una misma. Nuestro c\u00edrculo est\u00e1 abierto. <em> <span style=\"font-size: 0.9em;\"> (de 7. 4. 2025,<\/span> <a style=\"font-size: 0.9em;\" href=\"https:\/\/salajna.cz\/\" target=\"_blank\" rel=\"noopener\">Barco Salajna)<\/a> <\/em><\/div>\n&nbsp;\n<\/a>\n<\/div>\n\n<\/div>\n\n<!-- ****** SMOOTH\u00cd\u010cKO MUNAY****** -->\n<div class=\"MY-flexcontainer MY-flexcontainer-wrap\" style=\"margin-bottom: 2em;\">\n<div class=\"MY-flexitem-wrapable MY-flexitem-w30p\" style=\"height: 14em;\"><a class=\"MY-link-noshadow\" href=\"https:\/\/vedomebyti.cz\/es\/_akce_smoothicko-munay\/\">\n<img loading=\"lazy\" decoding=\"async\" class=\"MY-link-image-noshadow\" style=\"object-fit: cover; height: 100%; width: 100%; filter: grayscale(100%);\" src=\"https:\/\/vedomebyti.cz\/wp-content\/uploads\/2025\/02\/20240624_081902-scaled.jpg\" width=\"800\" height=\"716\" \/>\n<\/a><\/div>\n<div class=\"MY-flexitem-wrapable MY-flexitem-w70p\" style=\"background-color: white; padding: 1.5em 2em 0em 2em;\">\n<div class=\"MY-title MY-title-paragraph\" style=\"margin-bottom: 1em;\"><strong>Smoothie Munay<\/strong><\/div>\n<div class=\"MY-t-justify\">o un curso experiencial de danza, meditaci\u00f3n y participaci\u00f3n en la energ\u00eda del amor que todo lo abarca, durante el cual progresamos a trav\u00e9s de los diferentes niveles de Munay con la intenci\u00f3n de conectar con todos los aspectos de nosotros mismos, lo conocido y lo desconocido. <em> <span style=\"font-size: 0.9em;\"> (de 4. 2. 2025,<\/span> <a style=\"font-size: 0.9em;\" href=\"https:\/\/zaya.cz\/\" target=\"_blank\" rel=\"noopener\">Escuela Comunitaria Zaya)<\/a> <\/em><\/div>\n&nbsp;\n\n&nbsp;\n\n<\/div>\n<\/div>\n<!-- ****** VOL\u00c1N\u00cd DU\u0160E ****** -->\n<div class=\"MY-flexcontainer MY-flexcontainer-wrap\" style=\"margin-bottom: 2em;\">\n<div class=\"MY-flexitem-wrapable MY-flexitem-w30p\" style=\"height: 14em;\"><a class=\"MY-link-noshadow\" href=\"https:\/\/vedomebyti.cz\/es\/_akce_podzimni_vikend_volani_duse\/\">\n<img loading=\"lazy\" decoding=\"async\" class=\"MY-link-image-noshadow\" style=\"object-fit: cover; height: 100%; width: 100%; filter: grayscale(100%);\" src=\"https:\/\/vedomebyti.cz\/wp-content\/uploads\/2024\/09\/20211103_2053341-scaled.jpg\" width=\"800\" height=\"716\" \/>\n<\/a><\/div>\n<div class=\"MY-flexitem-wrapable MY-flexitem-w70p\" style=\"background-color: white; padding: 1.5em 2em 0em 2em;\">\n<div class=\"MY-title MY-title-paragraph\" style=\"margin-bottom: 1em;\"><strong>Fin de semana de oto\u00f1o Llamada del alma<\/strong><\/div>\n<div class=\"MY-t-justify\">La \u00faltima luna nueva antes del solsticio es el momento m\u00e1s propicio para detenerse a escuchar la suave melod\u00eda del alma. Podemos saber si bailamos a su ritmo por nuestra satisfacci\u00f3n interior, nuestra alegr\u00eda y nuestra apasionada experiencia de la vida.\n<em> <span style=\"font-size: 0.9em;\"> (29. 11. - 1. 12. 2024,<\/span> <a style=\"font-size: 0.9em;\" href=\"https:\/\/salajna.cz\/\" target=\"_blank\" rel=\"noopener\">Barco Salajna)<\/a> <\/em><\/div>\n&nbsp;\n\n<\/div>\n<\/div>\n<!-- ****** PODZIMN\u00cd SMOOTH\u00cd\u010cKO ****** -->\n<div class=\"MY-flexcontainer MY-flexcontainer-wrap\" style=\"margin-bottom: 2em;\">\n<div class=\"MY-flexitem-wrapable MY-flexitem-w30p\" style=\"height: 14em;\"><a class=\"MY-link-noshadow\" href=\"https:\/\/vedomebyti.cz\/es\/_akce_podzimni-smoothicko\/\">\n<img loading=\"lazy\" decoding=\"async\" class=\"MY-link-image-noshadow\" style=\"object-fit: cover; height: 100%; width: 100%; filter: grayscale(100%);\" src=\"https:\/\/vedomebyti.cz\/wp-content\/uploads\/2024\/09\/WhatsApp-Image-2024-09-10-at-10.41.56_38afa5a4.jpg\" width=\"800\" height=\"716\" \/>\n<\/a><\/div>\n<div class=\"MY-flexitem-wrapable MY-flexitem-w70p\" style=\"background-color: white; padding: 1.5em 2em 0em 2em;\">\n<div class=\"MY-title MY-title-paragraph\" style=\"margin-bottom: 1em;\"><strong>Batido de oto\u00f1o<\/strong><\/div>\n<div class=\"MY-t-justify\">o un energizante curso de 7 partes de danza, meditaci\u00f3n y compartir\n<em> <span style=\"font-size: 0.9em;\"> (a partir del 17. 9. 2024,<\/span> <a style=\"font-size: 0.9em;\" href=\"https:\/\/zaya.cz\/\" target=\"_blank\" rel=\"noopener\">Escuela Comunitaria Zaya)<\/a> <\/em><\/div>\n&nbsp;\n\n<\/div>\n<\/div>\n<!-- ****** JARN\u00cd V\u00cdKEND ENERGETICK\u00c9HO DESATERA ****** -->\n<div class=\"MY-flexcontainer MY-flexcontainer-wrap\" style=\"margin-bottom: 2em;\">\n<div class=\"MY-flexitem-wrapable MY-flexitem-w30p\" style=\"height: 14em;\"><a class=\"MY-link-noshadow\" href=\"https:\/\/vedomebyti.cz\/es\/_akce_jarni-vikend-energetickeho-desatera\/\">\n<img loading=\"lazy\" decoding=\"async\" class=\"MY-link-image-noshadow\" style=\"object-fit: cover; height: 100%; width: 100%; filter: grayscale(100%);\" src=\"https:\/\/vedomebyti.cz\/wp-content\/uploads\/2023\/09\/WhatsApp-Image-2023-09-19-at-20.22.36.jpg\" width=\"800\" height=\"716\" \/>\n<\/a><\/div>\n<div class=\"MY-flexitem-wrapable MY-flexitem-w70p\" style=\"background-color: white; padding: 1.5em 2em 0em 2em;\">\n<div class=\"MY-title MY-title-paragraph\" style=\"margin-bottom: 1em;\"><strong>Fin de semana primaveral de la energ\u00eda diez<\/strong><\/div>\n<div class=\"MY-t-justify\">Al igual que la Tierra despierta con cada primavera, utilicemos tambi\u00e9n el poder vivificador de esta estaci\u00f3n para revisar, nutrir y fortalecer las semillas energ\u00e9ticas que hemos plantado durante nuestros encuentros de mujeres.\u00a0 <em> <span style=\"font-size: 0.9em;\"> (22. - 24. 3. 2024,<\/span> <a style=\"font-size: 0.9em;\" href=\"https:\/\/salajna.cz\/\" target=\"_blank\" rel=\"noopener\">Barco Salajna)<\/a> <\/em><\/div>\n&nbsp;\n\n<\/div>\n<\/div>\n<!-- ****** PODZIMN\u00cd V\u00cdKEND \u017dENSK\u00c9 A MU\u017dSK\u00c9 ENERGIE SALAJNA 11.2023 ****** -->\n<div class=\"MY-flexcontainer MY-flexcontainer-wrap\" style=\"margin-bottom: 2em;\">\n<div class=\"MY-flexitem-wrapable MY-flexitem-w30p\" style=\"height: 14em;\"><a class=\"MY-link-noshadow\" href=\"https:\/\/vedomebyti.cz\/es\/dpz-akce-zenska-a-muzska-energie-salajna-2023-11-17\/\">\n<img loading=\"lazy\" decoding=\"async\" class=\"MY-link-image-noshadow\" style=\"object-fit: cover; height: 100%; width: 100%; filter: grayscale(100%);\" src=\"https:\/\/vedomebyti.cz\/wp-content\/uploads\/2018\/11\/masculine-and-feminine-energy-male-female.jpg\" width=\"800\" height=\"716\" \/>\n<\/a><\/div>\n<div class=\"MY-flexitem-wrapable MY-flexitem-w70p\" style=\"background-color: white; padding: 1.5em 2em 0em 2em;\">\n<div class=\"MY-title MY-title-paragraph\" style=\"margin-bottom: 1em;\"><strong>Un fin de semana para conectar la energ\u00eda femenina y masculina<\/strong><\/div>\n<div class=\"MY-t-justify\">La mujer es la dadora, protectora y creadora de vida. No te pierdas la ceremonia del \u00fatero com\u00fan, donde experimentar\u00e1s una conexi\u00f3n energ\u00e9tica con la Madre Tierra y pasar\u00e1s a formar parte de un linaje de mujeres cuya misi\u00f3n es proteger toda la vida de este planeta.\u00a0 <em> <span style=\"font-size: 0.9em;\"> (17. - 19. 11. 2023,<\/span> <a style=\"font-size: 0.9em;\" href=\"https:\/\/salajna.cz\/\" target=\"_blank\" rel=\"noopener\">Barco Salajna)<\/a> <\/em><\/div>\n&nbsp;\n\n<\/div>\n<\/div>\n<!-- ****** HOJNOST2 BUCHOV BREZEN 2023 ****** -->\n<div class=\"MY-flexcontainer MY-flexcontainer-wrap\" style=\"margin-bottom: 2em;\">\n<div class=\"MY-flexitem-wrapable MY-flexitem-w30p\" style=\"height: 14em;\"><a class=\"MY-link-noshadow\" href=\"https:\/\/vedomebyti.cz\/es\/dpz-akce-hojnost2-buchov-2023-03\/\">\n<img loading=\"lazy\" decoding=\"async\" class=\"MY-link-image-noshadow\" style=\"object-fit: cover; height: 100%; width: 100%; filter: grayscale(100%);\" src=\"https:\/\/vedomebyti.cz\/img\/pg\/dpz\/dpz\/akce-hojnost2-brezen2023-800x716.jpg\" width=\"800\" height=\"716\" \/><\/a><\/div>\n<div class=\"MY-flexitem-wrapable MY-flexitem-w70p\" style=\"background-color: white; padding: 1.5em 2em 0em 2em;\">\n<div class=\"MY-title MY-title-paragraph\" style=\"margin-bottom: 1em;\"><strong>Fin de semana de la abundancia primaveral para mujeres<\/strong><\/div>\n<div class=\"MY-t-justify\">\u00a1\u00a1\u00a1Lo celebramos!!! Nuestro 10\u00ba encuentro navegar\u00e1 en las alas de la Abundancia que nos llev\u00f3 por encima del horizonte de lo cotidiano la \u00faltima vez. Sigamos suavemente y descubramos las otras leyes de su flujo.\u00a0 <em> <span style=\"font-size: 0.9em;\"> (24. - 26. 3. 2023,<\/span> <a style=\"font-size: 0.9em;\" href=\"https:\/\/buchov.cz\/\" target=\"_blank\" rel=\"noopener\">Granja Buchov)<\/a> <\/em><\/div>\n&nbsp;\n\n<\/div>\n&nbsp;\n\n<\/div>\n<!-- ****** HOJNOST SALAJNA LISTOPAD 2022 ****** -->\n<div class=\"MY-flexcontainer MY-flexcontainer-wrap\" style=\"margin-bottom: 2em;\">\n<div class=\"MY-flexitem-wrapable MY-flexitem-w30p\" style=\"height: 14em;\"><a class=\"MY-link-noshadow\" href=\"https:\/\/vedomebyti.cz\/es\/dpz-akce-hojnost-salajna-2022-11\/\">\n<img loading=\"lazy\" decoding=\"async\" class=\"MY-link-image-noshadow\" style=\"object-fit: cover; height: 100%; width: 100%; filter: grayscale(100%);\" src=\"https:\/\/vedomebyti.cz\/img\/pg\/dpz\/dpz\/akce-hojnost-listopad2022.jpg\" width=\"800\" height=\"716\" \/>\n<\/a><\/div>\n<div class=\"MY-flexitem-wrapable MY-flexitem-w70p\" style=\"background-color: white; padding: 1.5em 2em 0em 2em;\">\n<div class=\"MY-title MY-title-paragraph\" style=\"margin-bottom: 1em;\"><strong>Fin de semana oto\u00f1al de abundancia para las mujeres<\/strong><\/div>\n<div class=\"MY-t-justify\">Conectemos con nuestros sue\u00f1os, deseos y anhelos y digamos un claro S\u00cd a la Fuente misma. La omnipresente Abundancia es inagotable y cada uno de nosotros puede permitirse experimentar la Vida exactamente como desea.\u00a0 <em> <span style=\"font-size: 0.9em;\"> (18. - 20. 11. 2022,<\/span> <a style=\"font-size: 0.9em;\" href=\"https:\/\/salajna.cz\/\" target=\"_blank\" rel=\"noopener\">Barco Salajna)<\/a> <\/em><\/div>\n&nbsp;\n\n<\/div>\n<\/div>\n<!-- ****** UPLNKOVY VIKEND JARNI ROVNODENNOSTI BREZEN 2022 ****** -->\n<div class=\"MY-flexcontainer MY-flexcontainer-wrap\" style=\"margin-bottom: 2em;\">\n<div class=\"MY-flexitem-wrapable MY-flexitem-w30p\" style=\"height: 14em;\"><a class=\"MY-link-noshadow\" href=\"https:\/\/vedomebyti.cz\/es\/dpz-akce-uplnkovy-vikend-jarni-rovnodennost-2022-03\/\">\n<img loading=\"lazy\" decoding=\"async\" class=\"MY-link-image-noshadow\" style=\"object-fit: cover; height: 100%; width: 100%; filter: grayscale(100%);\" src=\"https:\/\/vedomebyti.cz\/img\/pg\/dpz\/dpz\/akce-jarni-rovnodennost-salajna-brezen2022.jpg\" width=\"800\" height=\"716\" \/>\n<\/a><\/div>\n<div class=\"MY-flexitem-wrapable MY-flexitem-w70p\" style=\"background-color: white; padding: 1.5em 2em 0em 2em;\">\n<div class=\"MY-title MY-title-paragraph\" style=\"margin-bottom: 1em;\"><strong> Fin de semana de luna llena del equinoccio de primavera para mujeres<\/strong><\/div>\n<div class=\"MY-t-justify\">La luna llena brilla en su perfecta totalidad. La ecuanimidad equilibra. Conectemos con la poderosa energ\u00eda de los ritmos de la naturaleza y dejemos que brille la luz de la luna. Aprovechemos la sabidur\u00eda y la experiencia \u00fanica de cada una de las mujeres presentes.\u00a0 <em> <span style=\"font-size: 0.9em;\"> (18. - 20. 3. 2022,<\/span> <a style=\"font-size: 0.9em;\" href=\"https:\/\/salajna.cz\/\" target=\"_blank\" rel=\"noopener\">Barco Salajna)<\/a> <\/em><\/div>\n&nbsp;\n\n<\/div>\n<\/div>\n<!-- ****** PRODLOUZENY UPLNKOVY VIKEND BUCHOV LISTOPAD 2021 ****** -->\n<div class=\"MY-flexcontainer MY-flexcontainer-wrap\" style=\"margin-bottom: 2em;\">\n<div class=\"MY-flexitem-wrapable MY-flexitem-w30p\" style=\"height: 14em;\"><a class=\"MY-link-noshadow\" href=\"https:\/\/vedomebyti.cz\/es\/dpz-akce-prodlouzeny-uplnkovy-vikend-buchov-2021-11\/\">\n<img loading=\"lazy\" decoding=\"async\" class=\"MY-link-image-noshadow\" style=\"object-fit: cover; height: 100%; width: 100%; filter: grayscale(100%);\" src=\"https:\/\/vedomebyti.cz\/img\/pg\/dpz\/dpz\/akce-prodlouzeny-vikend-uplnek-buchov-listopad2021.jpg\" width=\"800\" height=\"716\" \/>\n<\/a><\/div>\n<div class=\"MY-flexitem-wrapable MY-flexitem-w70p\" style=\"background-color: white; padding: 1.5em 2em 0em 2em;\">\n<div class=\"MY-title MY-title-paragraph\" style=\"margin-bottom: 1em;\"><strong> Fin de semana largo de luna llena para mujeres <\/strong><\/div>\n<div class=\"MY-t-justify\">La luna llena, elemento puramente femenino, aporta una luz m\u00e1gica al ciclo cumplido. Utilicemos su energ\u00eda para comprender el pr\u00f3ximo cap\u00edtulo de nuestras vidas. Descubramos entre l\u00edneas qui\u00e9nes somos y conectemos con nuestra esencia m\u00e1s profunda.\u00a0 <em> <span style=\"font-size: 0.9em;\">(18. - 21. 11. 2021,<\/span> <a style=\"font-size: 0.9em;\" href=\"http:\/\/www.buchov.cz\/\" target=\"_blank\" rel=\"noopener\">Cottage Buchov)<\/a> <\/em><\/div>\n&nbsp;\n\n<\/div>\n<\/div>\n<!-- ZIVELNY RELAXACNE ENERKETICKY KVETEN 2021 -->\n<div class=\"MY-flexcontainer MY-flexcontainer-wrap\" style=\"margin-bottom: 2em;\">\n<div class=\"MY-flexitem-wrapable MY-flexitem-w30p\" style=\"height: 14em;\"><a class=\"MY-link-noshadow\" href=\"https:\/\/vedomebyti.cz\/es\/dpz-akce-zivelny-relaxacne-energeticky-vikend-2021\/\">\n<img loading=\"lazy\" decoding=\"async\" class=\"MY-link-image-noshadow\" style=\"object-fit: cover; height: 100%; width: 100%; filter: grayscale(100%) brightness(160%);\" src=\"https:\/\/vedomebyti.cz\/img\/pg\/dpz\/dpz\/akce-zivly-jaro2021.jpg\" width=\"800\" height=\"716\" \/>\n<\/a><\/div>\n<div class=\"MY-flexitem-wrapable MY-flexitem-w70p\" style=\"background-color: white; padding: 1.5em 2em 0em 2em;\">\n<div class=\"MY-title MY-title-paragraph\" style=\"margin-bottom: 1em;\"><strong> Un fin de semana vibrante, relajante y lleno de energ\u00eda para las mujeres<\/strong><\/div>\n<div class=\"MY-t-justify\">Mayo es la estaci\u00f3n del nacimiento de la Vida en toda su fuerza. Conectar conscientemente con el ritmo de la Tierra a trav\u00e9s del poder de los Cuatro Elementos repondr\u00e1 nuestra energ\u00eda y nos ayudar\u00e1 a vivir esta hermosa estaci\u00f3n con alegr\u00eda, apertura y fuerza interior. \u00a0 <em> <span style=\"font-size: 0.9em;\">(21. - 23. 5. 2021,<\/span> <a style=\"font-size: 0.9em;\" href=\"http:\/\/www.buchov.cz\/\" target=\"_blank\" rel=\"noopener\">Cottage Buchov)<\/a> <\/em><\/div>\n&nbsp;\n\n<\/div>\n<\/div>\n<!-- HARMONIZUJICI VIKEND LISTOPAD 2020 -->\n<div class=\"MY-flexcontainer MY-flexcontainer-wrap\" style=\"margin-bottom: 2em;\">\n<div class=\"MY-flexitem-wrapable MY-flexitem-w30p\" style=\"height: 14em;\"><a class=\"MY-link-noshadow\" href=\"https:\/\/vedomebyti.cz\/es\/dpz-akce-harmonizujici-vikend-listopad2020\/\">\n<img loading=\"lazy\" decoding=\"async\" class=\"MY-link-image-noshadow\" style=\"object-fit: cover; height: 100%; width: 100%; filter: grayscale(100%);\" src=\"https:\/\/vedomebyti.cz\/img\/pg\/dpz\/dpz\/akce-harmonizujici.jpg\" width=\"800\" height=\"716\" \/>\n<\/a><\/div>\n<div class=\"MY-flexitem-wrapable MY-flexitem-w70p\" style=\"background-color: white; padding: 1.5em 2em 0em 2em;\">\n<div class=\"MY-title MY-title-paragraph\" style=\"margin-bottom: 1em;\"><strong> Fin de semana armonizador para las mujeres<\/strong><\/div>\n<div class=\"MY-t-justify\"><i> Este acontecimiento no se celebr\u00f3 debido a un decreto gubernamental, a pesar de que la fecha se cambi\u00f3 tres veces. <\/i> La \u00e9poca de finales de oto\u00f1o invita al cuerpo y al alma a detenerse, descansar f\u00edsicamente y echar la vista atr\u00e1s al a\u00f1o transcurrido. Miremos ahora nuestro libro de la vida con el coraz\u00f3n abierto y confianza... \u00a0 <em> <span style=\"font-size: 0.9em;\">(20. - 22. 11. 2020,<\/span> <a style=\"font-size: 0.9em;\" href=\"http:\/\/www.salajna.cz\/\" target=\"_blank\" rel=\"noopener\">Barco Salajna)<\/a> <\/em><\/div>\n&nbsp;\n\n<\/div>\n<\/div>\n<!-- ****** Magick\u00fd relaxa\u010dn\u011b energetick\u00fd v\u00edkend pro \u017eeny ****** -->\n<div class=\"MY-flexcontainer MY-flexcontainer-wrap\" style=\"margin-bottom: 2em;\">\n<div class=\"MY-flexitem-wrapable MY-flexitem-w30p\" style=\"height: 14em;\"><a class=\"MY-link-noshadow\" href=\"https:\/\/vedomebyti.cz\/es\/dpz-akce-magicky-relaxacne-energeticky-vikend\/\">\n<img loading=\"lazy\" decoding=\"async\" class=\"MY-link-image-noshadow\" style=\"object-fit: cover; height: 100%; width: 100%; filter: grayscale(100%);\" src=\"https:\/\/vedomebyti.cz\/img\/pg\/dpz\/dpz\/akce-magickyenergeticky.jpg\" width=\"800\" height=\"716\" \/>\n<\/a><\/div>\n<div class=\"MY-flexitem-wrapable MY-flexitem-w70p\" style=\"background-color: white; padding: 1.5em 2em 0em 2em;\">\n<div class=\"MY-title MY-title-paragraph\" style=\"margin-bottom: 1em;\"><strong> Un fin de semana m\u00e1gico, relajante y lleno de energ\u00eda para las mujeres<\/strong><\/div>\n<div class=\"MY-t-justify\">El oto\u00f1o es una \u00e9poca m\u00e1gica para detenerse y echar la vista atr\u00e1s. Al igual que la naturaleza se prepara para la hibernaci\u00f3n, nuestros cuerpos y mentes tambi\u00e9n se preparan para momentos de descanso, mimos y escucha abierta de nuestras historias. \u00a0 <em> <span style=\"font-size: 0.9em;\">(22. - 24. 11. 2019,<\/span> <a style=\"font-size: 0.9em;\" href=\"http:\/\/www.salajna.cz\/cs\/\" target=\"_blank\" rel=\"noopener\">Barco Salajna)<\/a> <\/em><\/div>\n&nbsp;\n\n<\/div>\n<\/div>\n<!-- ****** Relaxa\u010dn\u011b tvo\u0159iv\u00fd v\u00edkend pro \u017eeny ****** -->\n<div class=\"MY-flexcontainer MY-flexcontainer-wrap\" style=\"margin-bottom: 2em;\">\n<div class=\"MY-flexitem-wrapable MY-flexitem-w30p\" style=\"height: 14em;\"><a class=\"MY-link-noshadow\" href=\"https:\/\/vedomebyti.cz\/es\/dpz-relaxacne-tvorivy-vikend-pro-zeny\/\">\n<img loading=\"lazy\" decoding=\"async\" class=\"MY-link-image-noshadow\" style=\"object-fit: cover; height: 100%; width: 100%; filter: grayscale(100%);\" src=\"https:\/\/vedomebyti.cz\/img\/pg\/dpz\/dpz\/akce-babicky.jpg\" width=\"555\" height=\"432\" \/>\n<\/a><\/div>\n<div class=\"MY-flexitem-wrapable MY-flexitem-w70p\" style=\"background-color: white; padding: 2em;\">\n<div class=\"MY-title MY-title-paragraph\" style=\"margin-bottom: 1em;\"><strong> Fin de semana relajante y creativo para mujeres<\/strong><\/div>\n<div class=\"MY-t-justify\">A medida que se acerca la primavera, nuestra energ\u00eda creativa tambi\u00e9n se despierta. Salimos de nuestras c\u00e1lidas \"camas\" para volver a conectar con el flujo de la nueva vida. Celebremos este nuevo comienzo con nuestra propia creatividad. \u00a0 <em> <span style=\"font-size: 0.9em;\">(22.-24. 3.2019,<\/span> <a style=\"font-size: 0.9em;\" href=\"http:\/\/www.salajna.cz\/cs\/\" target=\"_blank\" rel=\"noopener\">Barco Salajna)<\/a> <\/em><\/div>\n&nbsp;\n\n<\/div>\n<\/div>\n<!-- ****** Zimn\u00ed energetick\u00fd v\u00edkend pro \u017eeny ****** -->\n<div class=\"MY-flexcontainer MY-flexcontainer-wrap\" style=\"margin-bottom: 2em;\">\n<div class=\"MY-flexitem-wrapable MY-flexitem-w30p\" style=\"height: 14em;\"><a class=\"MY-link-noshadow\" href=\"https:\/\/vedomebyti.cz\/es\/dpz-akce-zimni-energeticky-vikend-leden2019\/\">\n<img loading=\"lazy\" decoding=\"async\" class=\"MY-link-image-noshadow\" style=\"object-fit: cover; height: 100%; width: 100%; filter: grayscale(100%);\" src=\"https:\/\/vedomebyti.cz\/img\/pg\/dpz\/dpz\/akce-zimniev.jpg\" width=\"543\" height=\"464\" \/>\n<\/a><\/div>\n<div class=\"MY-flexitem-wrapable MY-flexitem-w70p\" style=\"background-color: white; padding: 2em;\">\n<div class=\"MY-title MY-title-paragraph\" style=\"margin-bottom: 1em;\"><strong>Fin de semana energ\u00e9tico de invierno para mujeres<\/strong><\/div>\n<div class=\"MY-t-justify\">Aprendamos a sentir nuestra energ\u00eda interior, a trabajar con ella y a utilizarla en nuestra vida. Aprendamos t\u00e9cnicas de meditaci\u00f3n y relajaci\u00f3n f\u00e1ciles y eficaces que pueden ayudarnos en diversas situaciones de la vida. \u00a0 <em> <span style=\"font-size: 0.9em;\">(25.-27. 1.2019,<\/span> <a style=\"font-size: 0.9em;\" href=\"http:\/\/www.salajna.cz\/cs\/\" target=\"_blank\" rel=\"noopener\">Barco Salajna)<\/a> <\/em><\/div>\n&nbsp;\n<\/div>\n<\/div>\n<!-- ******Podzimn\u00ed energetick\u00fd prodlou\u017een\u00fd v\u00edkend pro \u017eeny ****** -->\n<div class=\"MY-flexcontainer MY-flexcontainer-wrap\" style=\"margin-bottom: 0em;\">\n<div class=\"MY-flexitem-wrapable MY-flexitem-w30p\" style=\"height: 14em;\"><a class=\"MY-link-noshadow\" href=\"https:\/\/vedomebyti.cz\/es\/dpz-akce-podzimni-energeticky-vikend-listopad2018\/\">\n<img loading=\"lazy\" decoding=\"async\" class=\"MY-link-image-noshadow\" style=\"object-fit: cover; height: 100%; width: 100%; filter: grayscale(100%);\" src=\"https:\/\/vedomebyti.cz\/img\/pg\/dpz\/dpz\/akce-podzimniev.jpg\" width=\"641\" height=\"450\" \/>\n<\/a><\/div>\n<div class=\"MY-flexitem-wrapable MY-flexitem-w70p\" style=\"background-color: white; padding: 2em;\">\n<div class=\"MY-title MY-title-paragraph\" style=\"margin-bottom: 1em;\"><strong>Fin de semana largo de energ\u00eda oto\u00f1al para mujeres<\/strong><\/div>\n<div class=\"MY-t-justify\">Los primeros d\u00edas de noviembre son un buen momento para hacer una pausa y echar la vista atr\u00e1s. Es un momento en el que podemos conectar con nosotros mismos, desprendernos de lo que ya no nos conviene y sustituir el espacio vac\u00edo por algo nuevo... \u00a0 <em> <span style=\"font-size: 0.9em;\">(9.-11. 11.2018,<\/span> <a style=\"font-size: 0.9em;\" href=\"http:\/\/www.salajna.cz\/cs\/\" target=\"_blank\" rel=\"noopener\">Barco Salajna)<\/a> <\/em><\/div>\n&nbsp;\n\n<\/div>\n<\/div>\n&nbsp;<\/div><\/div>\n<\/div><\/div><\/div><\/div><div id=\"pg-3021-5\"  class=\"panel-grid panel-no-style\" ><div id=\"pgc-3021-5-0\"  class=\"panel-grid-cell\" ><div id=\"panel-3021-5-0-0\" class=\"so-panel widget widget_sow-image panel-first-child panel-last-child\" data-index=\"6\" ><div\n\t\t\t\n\t\t\tclass=\"so-widget-sow-image so-widget-sow-image-default-c67d20f9f743-3021\"\n\t\t\t\n\t\t>\n<div class=\"sow-image-container\">\n\t\t<img \n\tsrc=\"https:\/\/vedomebyti.cz\/images\/oddelovace\/od-st2.svg\" title=\"C\u00cdRCULOS DE MUJERES\" alt=\"\" \t\tclass=\"so-widget-image\"\/>\n\t<\/div>\n\n<\/div><\/div><\/div><\/div><div id=\"pg-3021-6\"  class=\"panel-grid panel-has-style\" ><div id=\"galerie\" class=\"panel-row-style panel-row-style-for-3021-6\" ><div id=\"pgc-3021-6-0\"  class=\"panel-grid-cell panel-grid-cell-empty\" ><\/div><\/div><\/div><\/div>","protected":false},"excerpt":{"rendered":"<p>\u017densk\u00e9 kruhy C\u00edt\u00edm hlubok\u00fd vd\u011bk za to, \u017ee jsem \u017eena. Bav\u00ed m\u011b propojovat svou \u017eivotod\u00e1rnou \u017eenskou energii se svou mu\u017eskou tvo\u0159ivou silou a dot\u00fdkat se moudrosti, kter\u00e1 je v na\u0161\u00ed z\u00e1padn\u00ed spole\u010dnosti st\u00e1le je\u0161t\u011b zpochyb\u0148ov\u00e1na. Bav\u00ed m\u011b sd\u00edlet sv\u00e9 zku\u0161enosti s dal\u0161\u00edmi \u017eenami (i mu\u017ei), spole\u010dn\u011b r\u016fst, podporovat se a v\u011bdom\u011b udr\u017eovat \u017eivot na t\u00e9to &hellip; <\/p>\n<p class=\"link-more\"><a href=\"https:\/\/vedomebyti.cz\/es\/zenske_kruhy\/\" class=\"more-link\">Seguir leyendo<span class=\"screen-reader-text\"> \"C\u00cdRCULOS DE MUJERES\"<\/span><\/a><\/p>","protected":false},"author":2,"featured_media":0,"parent":0,"menu_order":0,"comment_status":"closed","ping_status":"closed","template":"","meta":{"footnotes":""},"class_list":["post-3021","page","type-page","status-publish","hentry"],"_links":{"self":[{"href":"https:\/\/vedomebyti.cz\/es\/wp-json\/wp\/v2\/pages\/3021","targetHints":{"allow":["GET"]}}],"collection":[{"href":"https:\/\/vedomebyti.cz\/es\/wp-json\/wp\/v2\/pages"}],"about":[{"href":"https:\/\/vedomebyti.cz\/es\/wp-json\/wp\/v2\/types\/page"}],"author":[{"embeddable":true,"href":"https:\/\/vedomebyti.cz\/es\/wp-json\/wp\/v2\/users\/2"}],"replies":[{"embeddable":true,"href":"https:\/\/vedomebyti.cz\/es\/wp-json\/wp\/v2\/comments?post=3021"}],"version-history":[{"count":372,"href":"https:\/\/vedomebyti.cz\/es\/wp-json\/wp\/v2\/pages\/3021\/revisions"}],"predecessor-version":[{"id":5335,"href":"https:\/\/vedomebyti.cz\/es\/wp-json\/wp\/v2\/pages\/3021\/revisions\/5335"}],"wp:attachment":[{"href":"https:\/\/vedomebyti.cz\/es\/wp-json\/wp\/v2\/media?parent=3021"}],"curies":[{"name":"wp","href":"https:\/\/api.w.org\/{rel}","templated":true}]}}